{"id":3115,"date":"2023-03-18T18:12:25","date_gmt":"2023-03-18T17:12:25","guid":{"rendered":"https:\/\/chronologiekritik.de\/es\/?page_id=3115"},"modified":"2024-03-29T16:37:34","modified_gmt":"2024-03-29T15:37:34","slug":"contexto","status":"publish","type":"page","link":"https:\/\/chronologiekritik.de\/es\/contexto\/","title":{"rendered":"Contexto"},"content":{"rendered":"\r\n<p><strong>Cronolog\u00eda cr\u00edtica \u00bfalgo inaudito?<\/strong><\/p>\r\n\r\n\r\n<div class=\"wp-block-image\">\r\n<figure class=\"alignleft size-large is-resized\"><img loading=\"lazy\" decoding=\"async\" class=\"wp-image-51\" src=\"https:\/\/chronologiekritik.files.wordpress.com\/2022\/06\/bibliothek.jpg?w=1024\" alt=\"\" width=\"403\" height=\"403\" \/><\/figure>\r\n<\/div>\r\n\r\n\r\n<p>Aunque las ideas expresadas en esta web<b>\u00a0<\/b>ser\u00e1n una sorpresa para la mayor\u00eda de los lectores \u2014los acad\u00e9micos coincidir\u00e1n en que nunca han o\u00eddo algo semejante\u2014 en realidad no son tan novedosas. Desde los inicios de la historiograf\u00eda, durante todos los siglos existieron autores que combatieron el esquema cronol\u00f3gico convencional. Otros no pusieron en duda la cronolog\u00eda como tal, pero s\u00ed los postulados b\u00e1sicos que componen nuestra imagen de la Historia. Esta cadena empieza ya en el siglo XVII con Nicol\u00e1s Antonio, seguido por los franceses Launoy, Hardouin y Germon, y poco despu\u00e9s por el matem\u00e1tico ingl\u00e9s Isaac Newton, qui\u00e9n elabor\u00f3 un esquema cronol\u00f3gico diferente al hoy vigente.<\/p>\r\n<p>Desde entonces, varios cient\u00edficos han expresado ideas similares, y aunque algunos consiguieron suscitar amplios debates p\u00fablicos, habitualmente fueron olvidados poco despu\u00e9s de morir. Cuando se lanz\u00f3 la discusi\u00f3n sobre una cronolog\u00eda cr\u00edtica en la d\u00e9cada de 1980, a\u00fan no se conoc\u00eda la labor realizada por estos precursores, que solo fueron descubiertos poco a poco.\u00a0<\/p>\r\n\r\n\r\n\r\n\r\n\r\n<p>Abajo se ofrece un \u00edndice cronol\u00f3gico-geogr\u00e1fico que intenta dar una idea de las \u00e9pocas hist\u00f3ricas y los espacios geogr\u00e1ficos en los que determinados cient\u00edficos han puesto en duda la visi\u00f3n convencional de la Historia. La asignaci\u00f3n geogr\u00e1fica es bastante abierta y se rige m\u00e1s por criterios idiom\u00e1ticos que pol\u00edticos. Un clic sobre el nombre permite acceder a m\u00e1s informaci\u00f3n. La tabla s\u00f3lo recoge algunos de los autores m\u00e1s destacados. M\u00e1s informaci\u00f3n en\u00a0<a href=\"https:\/\/chronologiekritik.de\/es\/quien-es-quien\/\" rel=\"noopener\">Qui\u00e9n es qui\u00e9n?<\/a><\/p>\r\n\r\n\r\n\r\n\r\n\r\n\r\n\r\n<figure class=\"wp-block-table is-style-stripes has-small-font-size\">\r\n<table style=\"width: 100%; border-color: #000000; border-style: solid;\" class=\"mtr-table mtr-tr-td\">\r\n<tbody>\r\n<tr>\r\n<td style=\"width: 5.77328%; text-align: center;\" data-mtr-content=\"Idioma\" class=\"mtr-td-tag\"><div class=\"mtr-cell-content\"><strong>Idioma<\/strong><\/div><\/td>\r\n<td style=\"width: 29.1093%; text-align: center;\" data-mtr-content=\"Alem\u00e1n\" class=\"mtr-td-tag\"><div class=\"mtr-cell-content\">Alem\u00e1n<\/div><\/td>\r\n<td style=\"width: 13.6437%; text-align: center;\" data-mtr-content=\"Ingl\u00e9s\" class=\"mtr-td-tag\"><div class=\"mtr-cell-content\">Ingl\u00e9s<\/div><\/td>\r\n<td style=\"width: 15.9758%; text-align: center;\" data-mtr-content=\"Franc\u00e9s\" class=\"mtr-td-tag\"><div class=\"mtr-cell-content\">Franc\u00e9s<\/div><\/td>\r\n<td style=\"width: 16.7611%; text-align: center;\" data-mtr-content=\"Espa\u00f1ol\" class=\"mtr-td-tag\"><div class=\"mtr-cell-content\">Espa\u00f1ol<\/div><\/td>\r\n<td style=\"width: 16.7368%; text-align: center;\" data-mtr-content=\"Ruso\" class=\"mtr-td-tag\"><div class=\"mtr-cell-content\">Ruso<\/div><\/td>\r\n<\/tr>\r\n<tr>\r\n<td style=\"width: 5.77328%; text-align: center;\" data-mtr-content=\"Idioma\" class=\"mtr-td-tag\"><div class=\"mtr-cell-content\">1980-2020<\/div><\/td>\r\n<td style=\"width: 29.1093%; text-align: center;\" data-mtr-content=\"Alem\u00e1n\" class=\"mtr-td-tag\"><div class=\"mtr-cell-content\">\r\n<p><a href=\"https:\/\/chronologiekritik.de\/es\/quien-es-quien\/#gabowitsch\">E. Gabowitsch<\/a><span style=\"color: #000000;\"> \u00b7 <\/span><a href=\"https:\/\/chronologiekritik.de\/es\/quien-es-quien\/#otte\">Andreas Otte<\/a><br><a href=\"https:\/\/chronologiekritik.de\/es\/quien-es-quien\/#niemitz\">Hans-U. Niemitz<\/a><span style=\"color: #000000;\"> \u00b7 <\/span><a href=\"https:\/\/chronologiekritik.de\/es\/quien-es-quien\/#bloess\">Christian Bl\u00f6ss<\/a><br><a href=\"https:\/\/chronologiekritik.de\/es\/quien-es-quien\/#illig\">Heribert Illig<\/a><span style=\"color: #000000;\"> \u00b7\u00a0<\/span><a href=\"https:\/\/chronologiekritik.de\/es\/quien-es-quien\/#heinsohn\">Gunnar Heinsohn<\/a><br><a href=\"https:\/\/chronologiekritik.de\/es\/quien-es-quien\/#marx\">Christoph Marx<\/a><span style=\"color: #000000;\"> \u00b7 <\/span><a href=\"https:\/\/chronologiekritik.de\/es\/quien-es-quien\/#mueller\">Z. A. M\u00fcller<\/a><\/p>\r\n<\/div><\/td>\r\n<td style=\"width: 13.6437%; text-align: center;\" data-mtr-content=\"Ingl\u00e9s\" class=\"mtr-td-tag\"><div class=\"mtr-cell-content\"><a href=\"https:\/\/chronologiekritik.de\/es\/quien-es-quien\/#whelton\">Clark Whelton<\/a><br><a href=\"https:\/\/chronologiekritik.de\/es\/quien-es-quien\/#grazia\">Alfred de Grazia<\/a><\/div><\/td>\r\n<td style=\"width: 15.9758%; text-align: center;\" data-mtr-content=\"Franc\u00e9s\" class=\"mtr-td-tag\"><div class=\"mtr-cell-content\"><a href=\"https:\/\/chronologiekritik.de\/es\/quien-es-quien\/#sarre\">Fran\u00e7ois de Sarre<\/a><\/div><\/td>\r\n<td style=\"width: 16.7611%; text-align: center;\" data-mtr-content=\"Espa\u00f1ol\" class=\"mtr-td-tag\"><div class=\"mtr-cell-content\">\r\n<p><a href=\"https:\/\/chronologiekritik.de\/es\/quien-es-quien\/#ferrin\">Emilio G. Ferr\u00edn<\/a><br><a href=\"https:\/\/chronologiekritik.de\/es\/quien-es-quien\/#caro-baroja\">Caro Baroja<\/a><\/p>\r\n<\/div><\/td>\r\n<td style=\"width: 16.7368%; text-align: center;\" data-mtr-content=\"Ruso\" class=\"mtr-td-tag\"><div class=\"mtr-cell-content\"><a href=\"https:\/\/chronologiekritik.de\/es\/quien-es-quien\/#tabov\">Jordan Tabov<\/a><br><a href=\"https:\/\/chronologiekritik.de\/es\/quien-es-quien\/#nosovski\">Gleb Nosovski<\/a> <br><a href=\"https:\/\/chronologiekritik.de\/es\/quien-es-quien\/#fomenko\">Anatoly Fomenko<\/a><\/div><\/td>\r\n<\/tr>\r\n<tr>\r\n<td style=\"width: 5.77328%; text-align: center;\" data-mtr-content=\"Idioma\" class=\"mtr-td-tag\"><div class=\"mtr-cell-content\">1950-1980<\/div><\/td>\r\n<td style=\"width: 29.1093%; text-align: center;\" data-mtr-content=\"Alem\u00e1n\" class=\"mtr-td-tag\"><div class=\"mtr-cell-content\"><a href=\"https:\/\/chronologiekritik.de\/es\/quien-es-quien\/#topper\">Uwe Topper<\/a> \u00b7 <a href=\"https:\/\/chronologiekritik.de\/es\/quien-es-quien\/#luling\">G\u00fcnter L\u00fcling<\/a><\/div><\/td>\r\n<td style=\"width: 13.6437%; text-align: center;\" data-mtr-content=\"Ingl\u00e9s\" class=\"mtr-td-tag\"><div class=\"mtr-cell-content\"><a href=\"https:\/\/chronologiekritik.de\/es\/quien-es-quien\/#velikovsky\">Imm. Velikovsky<\/a><\/div><\/td>\r\n<td style=\"width: 15.9758%; text-align: center;\" data-mtr-content=\"Franc\u00e9s\" class=\"mtr-td-tag\"><div class=\"mtr-cell-content\">\u00a0<\/div><\/td>\r\n<td style=\"width: 16.7611%; text-align: center;\" data-mtr-content=\"Espa\u00f1ol\" class=\"mtr-td-tag\"><div class=\"mtr-cell-content\"><a href=\"https:\/\/chronologiekritik.de\/es\/quien-es-quien\/#olague\">Ignacio Olag\u00fce<\/a><\/div><\/td>\r\n<td style=\"width: 16.7368%; text-align: center;\" data-mtr-content=\"Ruso\" class=\"mtr-td-tag\"><div class=\"mtr-cell-content\">\u00a0<\/div><\/td>\r\n<\/tr>\r\n<tr>\r\n<td style=\"width: 5.77328%; text-align: center;\" data-mtr-content=\"Idioma\" class=\"mtr-td-tag\"><div class=\"mtr-cell-content\">1900-1950<\/div><\/td>\r\n<td style=\"width: 29.1093%; text-align: center;\" data-mtr-content=\"Alem\u00e1n\" class=\"mtr-td-tag\"><div class=\"mtr-cell-content\"><a href=\"https:\/\/chronologiekritik.de\/es\/quien-es-quien\/#kammeier\">Wilh. Kammeier<\/a> \u00b7 <a href=\"https:\/\/chronologiekritik.de\/es\/quien-es-quien\/#spengler\">Oswald Spengler<\/a><br><a href=\"https:\/\/chronologiekritik.de\/es\/quien-es-quien\/#baldauf\">Robert Baldauf<\/a><\/div><\/td>\r\n<td style=\"width: 13.6437%; text-align: center;\" data-mtr-content=\"Ingl\u00e9s\" class=\"mtr-td-tag\"><div class=\"mtr-cell-content\">\u00a0<\/div><\/td>\r\n<td style=\"width: 15.9758%; text-align: center;\" data-mtr-content=\"Franc\u00e9s\" class=\"mtr-td-tag\"><div class=\"mtr-cell-content\">\u00a0<\/div><\/td>\r\n<td style=\"width: 16.7611%; text-align: center;\" data-mtr-content=\"Espa\u00f1ol\" class=\"mtr-td-tag\"><div class=\"mtr-cell-content\">\u00a0<\/div><\/td>\r\n<td style=\"width: 16.7368%; text-align: center;\" data-mtr-content=\"Ruso\" class=\"mtr-td-tag\"><div class=\"mtr-cell-content\"><a href=\"https:\/\/chronologiekritik.de\/es\/quien-es-quien\/#morosow\">Nikolai Morosow<\/a><\/div><\/td>\r\n<\/tr>\r\n<tr>\r\n<td style=\"width: 5.77328%; text-align: center;\" data-mtr-content=\"Idioma\" class=\"mtr-td-tag\"><div class=\"mtr-cell-content\">1800-1900<\/div><\/td>\r\n<td style=\"width: 29.1093%; text-align: center;\" data-mtr-content=\"Alem\u00e1n\" class=\"mtr-td-tag\"><div class=\"mtr-cell-content\"><a href=\"https:\/\/chronologiekritik.de\/es\/quien-es-quien\/#aschbach\">Joseph Aschbach<\/a><\/div><\/td>\r\n<td style=\"width: 13.6437%; text-align: center;\" data-mtr-content=\"Ingl\u00e9s\" class=\"mtr-td-tag\"><div class=\"mtr-cell-content\"><a href=\"https:\/\/chronologiekritik.de\/es\/quien-es-quien\/#johnson\">Edwin Johnson<\/a><\/div><\/td>\r\n<td style=\"width: 15.9758%; text-align: center;\" data-mtr-content=\"Franc\u00e9s\" class=\"mtr-td-tag\"><div class=\"mtr-cell-content\"><a href=\"https:\/\/chronologiekritik.de\/es\/quien-es-quien\/#hochart\">Polydore Hochart<\/a><\/div><\/td>\r\n<td style=\"width: 16.7611%; text-align: center;\" data-mtr-content=\"Espa\u00f1ol\" class=\"mtr-td-tag\"><div class=\"mtr-cell-content\">\u00a0<\/div><\/td>\r\n<td style=\"width: 16.7368%; text-align: center;\" data-mtr-content=\"Ruso\" class=\"mtr-td-tag\"><div class=\"mtr-cell-content\">\u00a0<\/div><\/td>\r\n<\/tr>\r\n<tr>\r\n<td style=\"width: 5.77328%; text-align: center;\" data-mtr-content=\"Idioma\" class=\"mtr-td-tag\"><div class=\"mtr-cell-content\">1700-1800<\/div><\/td>\r\n<td style=\"width: 29.1093%; text-align: center;\" data-mtr-content=\"Alem\u00e1n\" class=\"mtr-td-tag\"><div class=\"mtr-cell-content\">\u00a0<\/div><\/td>\r\n<td style=\"width: 13.6437%; text-align: center;\" data-mtr-content=\"Ingl\u00e9s\" class=\"mtr-td-tag\"><div class=\"mtr-cell-content\"><a href=\"https:\/\/chronologiekritik.de\/es\/quien-es-quien\/#newton\">Isaac Newton<\/a><\/div><\/td>\r\n<td style=\"width: 15.9758%; text-align: center;\" data-mtr-content=\"Franc\u00e9s\" class=\"mtr-td-tag\"><div class=\"mtr-cell-content\"><a href=\"https:\/\/chronologiekritik.de\/es\/quien-es-quien\/#boulanger\">Nicolas Boulanger<\/a><br><a href=\"https:\/\/chronologiekritik.de\/es\/quien-es-quien\/#germon\">Barth. Germon<\/a><\/div><\/td>\r\n<td style=\"width: 16.7611%; text-align: center;\" data-mtr-content=\"Espa\u00f1ol\" class=\"mtr-td-tag\"><div class=\"mtr-cell-content\"><a href=\"https:\/\/chronologiekritik.de\/es\/quien-es-quien\/#mayans\">G. Mayans y Siscar<\/a><\/div><\/td>\r\n<td style=\"width: 16.7368%; text-align: center;\" data-mtr-content=\"Ruso\" class=\"mtr-td-tag\"><div class=\"mtr-cell-content\">\u00a0<\/div><\/td>\r\n<\/tr>\r\n<tr>\r\n<td style=\"width: 5.77328%; text-align: center;\" data-mtr-content=\"Idioma\" class=\"mtr-td-tag\"><div class=\"mtr-cell-content\">1600-1700<\/div><\/td>\r\n<td style=\"width: 29.1093%; text-align: center;\" data-mtr-content=\"Alem\u00e1n\" class=\"mtr-td-tag\"><div class=\"mtr-cell-content\">\u00a0<\/div><\/td>\r\n<td style=\"width: 13.6437%; text-align: center;\" data-mtr-content=\"Ingl\u00e9s\" class=\"mtr-td-tag\"><div class=\"mtr-cell-content\">\u00a0<\/div><\/td>\r\n<td style=\"width: 15.9758%; text-align: center;\" data-mtr-content=\"Franc\u00e9s\" class=\"mtr-td-tag\"><div class=\"mtr-cell-content\">\r\n<p><a href=\"https:\/\/chronologiekritik.de\/es\/quien-es-quien\/#hardouin\">Jean Hardouin<\/a><br><a href=\"https:\/\/chronologiekritik.de\/es\/quien-es-quien\/#launoy\">Jean de Launoy<\/a><\/p>\r\n<\/div><\/td>\r\n<td style=\"width: 16.7611%; text-align: center;\" data-mtr-content=\"Espa\u00f1ol\" class=\"mtr-td-tag\"><div class=\"mtr-cell-content\">\r\n<p><a href=\"https:\/\/chronologiekritik.de\/es\/quien-es-quien\/#antonio\">Nicolas Antonio<\/a><\/p>\r\n<\/div><\/td>\r\n<td style=\"width: 16.7368%; text-align: center;\" data-mtr-content=\"Ruso\" class=\"mtr-td-tag\"><div class=\"mtr-cell-content\">\u00a0<\/div><\/td>\r\n<\/tr>\r\n<\/tbody>\r\n<\/table>\r\n<\/figure>\r\n\r\n\r\n\r\n<p>&nbsp;<\/p>\r\n<p class=\"ladillo\"><strong>Inconformistas<\/strong><\/p>\r\n<p>Adem\u00e1s del trabajo puramente cr\u00edtico de la cronolog\u00eda siempre hab\u00eda publicaciones de acad\u00e9micos que defend\u00edan una visi\u00f3n alternativa de la secuencia hist\u00f3rica, a menudo integrando en sus tesis el postulado de cat\u00e1strofes o cataclismos ocurridos en la Historia. Tambi\u00e9n se discutieron acad\u00e9micamente pero muchos siguen siendo consiederados figuras marginales del debate acad\u00e9micos. Hemos analizado el trabajo de algunos de estos inconformistas (ver las rese\u00f1as de obras de\u00a0<a href=\"https:\/\/chronologiekritik.de\/blog\/2001\/07\/04\/muck\/\">Muck<\/a>,\u00a0<a href=\"https:\/\/chronologiekritik.de\/blog\/2006\/04\/10\/pallmann\/\" target=\"_blank\" rel=\"noopener\">Pallmann<\/a>,\u00a0<a href=\"https:\/\/chronologiekritik.de\/blog\/2006\/06\/08\/dacque\/\">Dacqu\u00e9<\/a>,\u00a0<a href=\"https:\/\/chronologiekritik.de\/blog\/2000\/12\/31\/ceram-hethiter\/\">Ceram<\/a>,\u00a0<a href=\"https:\/\/chronologiekritik.de\/blog\/2009\/12\/31\/katastrophe-von-innen\/\">Kaiser<\/a>, o m\u00e1s antiguos como <a href=\"https:\/\/chronologiekritik.de\/blog\/2011\/12\/31\/niebuhr\/\">Niebuhr<\/a> y Fallmerayer.)<\/p>\r\n<p class=\"ladillo\"><strong>Los \u00faltimos 20 a\u00f1os<\/strong><\/p>\r\n<p>En otros siglos, los cient\u00edficos que pon\u00edan en duda la cronolog\u00eda convencional sol\u00edan estar solos en la defensa de sus ideas contra el mundo acad\u00e9mico. Esta situaci\u00f3n cambi\u00f3 en los a\u00f1os ochenta del siglo XX, cuando varios investigadores alemanes y suizos \u2014Christoph Marx, Gunnar Heinsohn, Heribert Illig, Christian Bl\u00f6ss y otros \u2014 fundaron la &#8221;Asociaci\u00f3n para la Reconstrucci\u00f3n de la Historia Humana y Natural&#8221; (Gesellschaft zur Rekonstruktion der Menschheits- und Naturgeschichte&#8221;) o GRMNG en sus siglas alemanas. Se cre\u00f3 as\u00ed por primera vez una uni\u00f3n de diferentes autores con la misma orientaci\u00f3n.<\/p>\r\n<p>La GRMNG se fundaba en parte en las ideas del escritor norteamericano Immanuel Velikovsky, que hab\u00eda publicado en los a\u00f1os cincuenta un modelo catastrofista de la historia, sobre todo a trav\u00e9s del libro &#8220;Mundos en colisi\u00f3n&#8221;. Christoph Marx hab\u00eda traducido las obras de este autor al alem\u00e1n. Velikovsky, de todas formas, permanec\u00eda fiel a las fechas b\u00edblicas de la Historia. M\u00e1s flexible era el investigador alem\u00e1n Uwe Topper, que en los a\u00f1os setenta hab\u00eda publicado su propia visi\u00f3n sobre el rol de las cat\u00e1strofes en la prehistoria, bas\u00e1ndose sobre todo en sus exploraciones en Asia central, \u00c1frica del Norte y Espa\u00f1a.<\/p>\r\n<p>El derrocamiento de la cronolog\u00eda convencional, no obstante, empez\u00f3 con la GRMNG y se difundi\u00f3 sobre todo con la publicaci\u00f3n del libro <em>Die Sumerer gab es nicht<\/em> (&#8216;Los sumerios no existieron&#8217;) de Gunnar Heinsohn (1988). El mismo a\u00f1o se disolvi\u00f3 la asociaci\u00f3n, cuyo papel aglutinador fue asumido por la revista <em>Vorzeit-Fr\u00fchzeit-Gegenwart<\/em> (VFG) en Munich, dirigida por Heribert Illig. A partir de los a\u00f1os noventa, Topper se integr\u00f3 en este c\u00edrculo y se convirti\u00f3 pronto en uno de sus autores m\u00e1s activos.<\/p>\r\n<p>A mediados de los noventa, el inform\u00e1tico Eugen Gabowitsch difundi\u00f3 en Alemania las ideas de la Nueva Escuela Cronol\u00f3gica de Rusia, encabezada por el matem\u00e1tico Anatoli Fomenko y basada en parte en las ideas del cient\u00edfico ruso Nikolai Morosov, que publicaba durante los a\u00f1os veinte. Esta corriente analiza la historia mediante comparaciones estad\u00edsticas de los datos y considera todos los sucesos anteriores al siglo XVI como r\u00e9plicas de hechos posteriores. La mayor\u00eda de los autores alemanes rechazan esta tesis, en parte por sus m\u00e9todos matem\u00e1ticos y su renuncia a investigar detalladamente los sucesos tratados.<\/p>\r\n<p>Durante m\u00e1s de dos d\u00e9cadas, en Alemania se suced\u00edan foros y encuentros en varias ciudades para discutir diferentes visiones hist\u00f3ricas y buscar puntos en com\u00fan, tanto en Karlsruhe, Berl\u00edn y Potsdam, en estas \u00faltimas dos ciudades por con la participaci\u00f3n activa de <a href=\"https:\/\/chronologiekritik.de\/es\/colaboradores\/uwe-topper\/\">Uwe Topper<\/a>.\u00a0<\/p>\r\n\r\n\r\n\r\n\r\n\r\n\r\n\r\n\r\n\r\n\r\n","protected":false},"excerpt":{"rendered":"<p>Cronolog\u00eda cr\u00edtica \u00bfalgo inaudito? Aunque las ideas expresadas en esta web\u00a0ser\u00e1n una sorpresa para la mayor\u00eda de los lectores \u2014los acad\u00e9micos coincidir\u00e1n en que nunca han o\u00eddo algo semejante\u2014 en realidad no son tan novedosas. Desde los inicios de la historiograf\u00eda, durante todos los siglos existieron autores que combatieron el esquema cronol\u00f3gico convencional. Otros no pusieron en duda la cronolog\u00eda como tal, pero s\u00ed los postulados b\u00e1sicos que componen nuestra imagen de la Historia. Esta cadena empieza ya en el siglo XVII con Nicol\u00e1s Antonio, seguido por los franceses Launoy, Hardouin y Germon, y poco despu\u00e9s por el matem\u00e1tico ingl\u00e9s Isaac Newton, qui\u00e9n elabor\u00f3 un esquema cronol\u00f3gico diferente al hoy vigente. Desde entonces, varios cient\u00edficos han expresado ideas similares, y aunque algunos consiguieron suscitar amplios debates p\u00fablicos, habitualmente fueron olvidados poco despu\u00e9s de morir. Cuando se lanz\u00f3 la discusi\u00f3n sobre una cronolog\u00eda cr\u00edtica en la d\u00e9cada de 1980, a\u00fan no se conoc\u00eda la labor realizada por estos precursores, que solo fueron descubiertos poco a poco.\u00a0 Abajo se ofrece un \u00edndice cronol\u00f3gico-geogr\u00e1fico que intenta dar una idea de las \u00e9pocas hist\u00f3ricas y los espacios geogr\u00e1ficos en los que determinados cient\u00edficos han puesto en duda la visi\u00f3n convencional de la Historia. La asignaci\u00f3n geogr\u00e1fica es bastante abierta y se rige m\u00e1s por criterios idiom\u00e1ticos que pol\u00edticos. Un clic sobre el nombre permite acceder a m\u00e1s informaci\u00f3n. La tabla s\u00f3lo recoge algunos de los autores m\u00e1s destacados. M\u00e1s informaci\u00f3n en\u00a0Qui\u00e9n es qui\u00e9n? Idioma Alem\u00e1n Ingl\u00e9s Franc\u00e9s Espa\u00f1ol Ruso 1980-2020 E. Gabowitsch \u00b7 Andreas OtteHans-U. Niemitz \u00b7 Christian Bl\u00f6ssHeribert Illig \u00b7\u00a0Gunnar HeinsohnChristoph Marx \u00b7 Z. A. M\u00fcller Clark WheltonAlfred de Grazia Fran\u00e7ois de Sarre Emilio G. Ferr\u00ednCaro Baroja Jordan TabovGleb Nosovski Anatoly Fomenko 1950-1980 Uwe Topper \u00b7 G\u00fcnter L\u00fcling Imm. Velikovsky \u00a0 Ignacio Olag\u00fce \u00a0 1900-1950 Wilh. Kammeier \u00b7 Oswald SpenglerRobert Baldauf \u00a0 \u00a0 \u00a0 Nikolai Morosow 1800-1900 Joseph Aschbach Edwin Johnson Polydore Hochart \u00a0 \u00a0 1700-1800 \u00a0 Isaac Newton Nicolas BoulangerBarth. Germon G. Mayans y Siscar \u00a0 1600-1700 \u00a0 \u00a0 Jean HardouinJean de Launoy Nicolas Antonio \u00a0 &nbsp; Inconformistas Adem\u00e1s del trabajo puramente cr\u00edtico de la cronolog\u00eda siempre hab\u00eda publicaciones de acad\u00e9micos que defend\u00edan una visi\u00f3n alternativa de la secuencia hist\u00f3rica, a menudo integrando en sus tesis el postulado de cat\u00e1strofes o cataclismos ocurridos en la Historia. Tambi\u00e9n se discutieron acad\u00e9micamente pero muchos siguen siendo consiederados figuras marginales del debate acad\u00e9micos. Hemos analizado el trabajo de algunos de estos inconformistas (ver las rese\u00f1as de obras de\u00a0Muck,\u00a0Pallmann,\u00a0Dacqu\u00e9,\u00a0Ceram,\u00a0Kaiser, o m\u00e1s antiguos como Niebuhr y Fallmerayer.) Los \u00faltimos 20 a\u00f1os En otros siglos, los cient\u00edficos que pon\u00edan en duda la cronolog\u00eda convencional sol\u00edan estar solos en la defensa de sus ideas contra el mundo acad\u00e9mico. Esta situaci\u00f3n cambi\u00f3 en los a\u00f1os ochenta del siglo XX, cuando varios investigadores alemanes y suizos \u2014Christoph Marx, Gunnar Heinsohn, Heribert Illig, Christian Bl\u00f6ss y otros \u2014 fundaron la &#8221;Asociaci\u00f3n para la Reconstrucci\u00f3n de la Historia Humana y Natural&#8221; (Gesellschaft zur Rekonstruktion der Menschheits- und Naturgeschichte&#8221;) o GRMNG en sus siglas alemanas. Se cre\u00f3 as\u00ed por primera vez una uni\u00f3n de diferentes autores con la misma orientaci\u00f3n. La GRMNG se fundaba en parte en las ideas del escritor norteamericano Immanuel Velikovsky, que hab\u00eda publicado en los a\u00f1os cincuenta un modelo catastrofista de la historia, sobre todo a trav\u00e9s del libro &#8220;Mundos en colisi\u00f3n&#8221;. Christoph Marx hab\u00eda traducido las obras de este autor al alem\u00e1n. Velikovsky, de todas formas, permanec\u00eda fiel a las fechas b\u00edblicas de la Historia. M\u00e1s flexible era el investigador alem\u00e1n Uwe Topper, que en los a\u00f1os setenta hab\u00eda publicado su propia visi\u00f3n sobre el rol de las cat\u00e1strofes en la prehistoria, bas\u00e1ndose sobre todo en sus exploraciones en Asia central, \u00c1frica del Norte y Espa\u00f1a. El derrocamiento de la cronolog\u00eda convencional, no obstante, empez\u00f3 con la GRMNG y se difundi\u00f3 sobre todo con la publicaci\u00f3n del libro Die Sumerer gab es nicht (&#8216;Los sumerios no existieron&#8217;) de Gunnar Heinsohn (1988). El mismo a\u00f1o se disolvi\u00f3 la asociaci\u00f3n, cuyo papel aglutinador fue asumido por la revista Vorzeit-Fr\u00fchzeit-Gegenwart (VFG) en Munich, dirigida por Heribert Illig. A partir de los a\u00f1os noventa, Topper se integr\u00f3 en este c\u00edrculo y se convirti\u00f3 pronto en uno de sus autores m\u00e1s activos. A mediados de los noventa, el inform\u00e1tico Eugen Gabowitsch difundi\u00f3 en Alemania las ideas de la Nueva Escuela Cronol\u00f3gica de Rusia, encabezada por el matem\u00e1tico Anatoli Fomenko y basada en parte en las ideas del cient\u00edfico ruso Nikolai Morosov, que publicaba durante los a\u00f1os veinte. Esta corriente analiza la historia mediante comparaciones estad\u00edsticas de los datos y considera todos los sucesos anteriores al siglo XVI como r\u00e9plicas de hechos posteriores. La mayor\u00eda de los autores alemanes rechazan esta tesis, en parte por sus m\u00e9todos matem\u00e1ticos y su renuncia a investigar detalladamente los sucesos tratados. Durante m\u00e1s de dos d\u00e9cadas, en Alemania se suced\u00edan foros y encuentros en varias ciudades para discutir diferentes visiones hist\u00f3ricas y buscar puntos en com\u00fan, tanto en Karlsruhe, Berl\u00edn y Potsdam, en estas \u00faltimas dos ciudades por con la participaci\u00f3n activa de Uwe Topper.\u00a0<\/p>\n","protected":false},"author":2,"featured_media":0,"parent":0,"menu_order":0,"comment_status":"closed","ping_status":"open","template":"","meta":{"footnotes":""},"class_list":["post-3115","page","type-page","status-publish","hentry"],"jetpack_sharing_enabled":true,"_links":{"self":[{"href":"https:\/\/chronologiekritik.de\/es\/wp-json\/wp\/v2\/pages\/3115","targetHints":{"allow":["GET"]}}],"collection":[{"href":"https:\/\/chronologiekritik.de\/es\/wp-json\/wp\/v2\/pages"}],"about":[{"href":"https:\/\/chronologiekritik.de\/es\/wp-json\/wp\/v2\/types\/page"}],"author":[{"embeddable":true,"href":"https:\/\/chronologiekritik.de\/es\/wp-json\/wp\/v2\/users\/2"}],"replies":[{"embeddable":true,"href":"https:\/\/chronologiekritik.de\/es\/wp-json\/wp\/v2\/comments?post=3115"}],"version-history":[{"count":6,"href":"https:\/\/chronologiekritik.de\/es\/wp-json\/wp\/v2\/pages\/3115\/revisions"}],"predecessor-version":[{"id":3587,"href":"https:\/\/chronologiekritik.de\/es\/wp-json\/wp\/v2\/pages\/3115\/revisions\/3587"}],"wp:attachment":[{"href":"https:\/\/chronologiekritik.de\/es\/wp-json\/wp\/v2\/media?parent=3115"}],"curies":[{"name":"wp","href":"https:\/\/api.w.org\/{rel}","templated":true}]}}