{"id":3332,"date":"2023-07-11T15:15:22","date_gmt":"2023-07-11T13:15:22","guid":{"rendered":"https:\/\/chronologiekritik.de\/es\/?page_id=3332"},"modified":"2023-07-11T15:43:21","modified_gmt":"2023-07-11T13:43:21","slug":"ilya-u-topper","status":"publish","type":"page","link":"https:\/\/chronologiekritik.de\/es\/colaboradores\/ilya-u-topper\/","title":{"rendered":"Ilya U. Topper"},"content":{"rendered":"<div class=\"post-content\">\n<div class=\"wp-block-group alignfull has-background-background-color has-background is-layout-flow\">\n<div class=\"wp-block-group__inner-container\">\n<div class=\"wp-block-jetpack-layout-grid alignfull column1-desktop-grid__span-3 column1-desktop-grid__start-2 column1-desktop-grid__row-1 column2-desktop-grid__span-6 column2-desktop-grid__start-6 column2-desktop-grid__row-1 column1-tablet-grid__span-3 column1-tablet-grid__row-1 column2-tablet-grid__span-5 column2-tablet-grid__start-4 column2-tablet-grid__row-1 column1-mobile-grid__span-4 column1-mobile-grid__row-1 column2-mobile-grid__span-4 column2-mobile-grid__row-2\">\n<div class=\"wp-block-jetpack-layout-grid-column wp-block-jetpack-layout-grid__padding-none\">\n<figure class=\"wp-block-image size-large is-style-circle-mask is-style-rounded\"><img decoding=\"async\" class=\"wp-image-68\" src=\"https:\/\/chronologiekritik.de\/wp-content\/uploads\/2022\/09\/topper-ilya-e1678909102121.png?w=185\" alt=\"\" \/><\/figure>\n<p>Nace en:\u00a0<b>1972<\/b>\u00a0en Almer\u00eda [Espa\u00f1a]<br \/>\nProfesi\u00f3n :\u00a0<b>Periodista<\/b><br \/>\nVive en:\u00a0<b>Madrid\u00a0<\/b>[Espa\u00f1a]<\/p>\n<p>Como hijo del antrop\u00f3logo alem\u00e1n Uwe Topper, Ilya se ha criado en Marruecos. Desde 1994 vive en Espa\u00f1a. Es periodista y ha trabajado para diversas ONGs de desarrollo en C\u00e1diz, Granada y Madrid. De 2005 a 2008 dirigi\u00f3 la secci\u00f3n Internacional de la revista semanal espa\u00f1ola\u00a0<i>La Clave<\/i>. Desde 2010 es corresponsal del diario espa\u00f1ol\u00a0<a href=\"http:\/\/www.elmundo.es\/\" target=\"_self\" rel=\"noopener\">El Mundo<\/a>.<b class=\"comentario-art_dcha\"><br \/>\nColaboraciones en<br \/>\ncronologo:<br \/>\n7<\/b><\/p>\n<p>Sus publicaciones se centran sobre todo en el mundo \u00e1rabe-isl\u00e1mico, que conoce de primera mano y estudia desde su juventud (ha viajado a L\u00edbano, Palestina, Irak, Siria, Turqu\u00eda etc.). En 1994 entra en contacto con el grupo de investigadores alemanes que ponen en tela de juicio la cronolog\u00eda convencional. Participa en los debates y se especializa en tem\u00e1ticas del mundo \u00e1rabe e isl\u00e1mico, as\u00ed como en las monedas andalus\u00edes, algo para lo que su dominio del idioma \u00e1rabe se revela fundamental. Adem\u00e1s trabaja con Uwe Topper sobre la evoluci\u00f3n de nuestro calendario.<\/p>\n<p>En 2005, Ilya crea la p\u00e1gina web cronologo que dirige en calidad de responsable t\u00e9cnico y de estructuras.<\/p>\n<p>Para ver todos los art\u00edculos publicados por Ilya U. Topper en\u00a0<b>cronologo<\/b>, entra en la\u00a0<a href=\"http:\/\/www.ilya.it\/chrono\/sppages\/hemerosp.html\" target=\"_self\" rel=\"noopener\">Hemeroteca<\/a>\u00a0y escoge\u00a0<i>Ilya\u00a0<\/i>en la columna de autores.<\/p>\n<p class=\"line-blanc\">Otras publicaciones de Ilya U. Topper:<\/p>\n<ul>\n<li>1994: <a href=\"https:\/\/chronologiekritik.de\/es\/1994\/11\/05\/imperios-fantasmas\/\">Los imperios fantasmas de Mesopotamia<\/a>. Resumen del libro de Gunnar Heinsohn<\/li>\n<li><span class=\"turquesa-peq\">1998:<\/span>\u00a0<strong><i>Apuntes sobre la Era \u00c1rabe en el contexto mediterr\u00e1neo<\/i><\/strong><i>.<\/i><span style=\"color: #000000;\">\u00a0En:\u00a0<i>al-Andalus &#8211; Magreb<\/i>, N\u00ba 6, Anuario de la Universidad de C\u00e1diz, Espa\u00f1a.<\/span><\/li>\n<li>2014: <a href=\"https:\/\/chronologiekritik.de\/es\/2014\/01\/05\/el-ano-fantasma-de-los-amazigh\/\">El a\u00f1o fantasma de los Amazigh<\/a><\/li>\n<\/ul>\n<p>Libros: <strong>2019:<\/strong><em>\u00a0La democracia es un tranv\u00eda: El ascenso de Erdogan y la transformaci\u00f3n de Turqu\u00eda<\/em> (Pen\u00ednsula Ed, 2019). (junto con Andr\u00e9s Mourenza)<\/p>\n<\/div>\n<\/div>\n<\/div>\n<\/div>\n<\/div>\n","protected":false},"excerpt":{"rendered":"<p>Nace en:\u00a01972\u00a0en Almer\u00eda [Espa\u00f1a] Profesi\u00f3n :\u00a0Periodista Vive en:\u00a0Madrid\u00a0[Espa\u00f1a] Como hijo del antrop\u00f3logo alem\u00e1n Uwe Topper, Ilya se ha criado en Marruecos. Desde 1994 vive en Espa\u00f1a. Es periodista y ha trabajado para diversas ONGs de desarrollo en C\u00e1diz, Granada y Madrid. De 2005 a 2008 dirigi\u00f3 la secci\u00f3n Internacional de la revista semanal espa\u00f1ola\u00a0La Clave. Desde 2010 es corresponsal del diario espa\u00f1ol\u00a0El Mundo. Colaboraciones en cronologo: 7 Sus publicaciones se centran sobre todo en el mundo \u00e1rabe-isl\u00e1mico, que conoce de primera mano y estudia desde su juventud (ha viajado a L\u00edbano, Palestina, Irak, Siria, Turqu\u00eda etc.). En 1994 entra en contacto con el grupo de investigadores alemanes que ponen en tela de juicio la cronolog\u00eda convencional. Participa en los debates y se especializa en tem\u00e1ticas del mundo \u00e1rabe e isl\u00e1mico, as\u00ed como en las monedas andalus\u00edes, algo para lo que su dominio del idioma \u00e1rabe se revela fundamental. Adem\u00e1s trabaja con Uwe Topper sobre la evoluci\u00f3n de nuestro calendario. En 2005, Ilya crea la p\u00e1gina web cronologo que dirige en calidad de responsable t\u00e9cnico y de estructuras. Para ver todos los art\u00edculos publicados por Ilya U. Topper en\u00a0cronologo, entra en la\u00a0Hemeroteca\u00a0y escoge\u00a0Ilya\u00a0en la columna de autores. Otras publicaciones de Ilya U. Topper: 1994: Los imperios fantasmas de Mesopotamia. Resumen del libro de Gunnar Heinsohn 1998:\u00a0Apuntes sobre la Era \u00c1rabe en el contexto mediterr\u00e1neo.\u00a0En:\u00a0al-Andalus &#8211; Magreb, N\u00ba 6, Anuario de la Universidad de C\u00e1diz, Espa\u00f1a. 2014: El a\u00f1o fantasma de los Amazigh Libros: 2019:\u00a0La democracia es un tranv\u00eda: El ascenso de Erdogan y la transformaci\u00f3n de Turqu\u00eda (Pen\u00ednsula Ed, 2019). (junto con Andr\u00e9s Mourenza)<\/p>\n","protected":false},"author":22,"featured_media":0,"parent":3168,"menu_order":0,"comment_status":"closed","ping_status":"closed","template":"","meta":{"footnotes":""},"class_list":["post-3332","page","type-page","status-publish","hentry"],"jetpack_sharing_enabled":true,"_links":{"self":[{"href":"https:\/\/chronologiekritik.de\/es\/wp-json\/wp\/v2\/pages\/3332","targetHints":{"allow":["GET"]}}],"collection":[{"href":"https:\/\/chronologiekritik.de\/es\/wp-json\/wp\/v2\/pages"}],"about":[{"href":"https:\/\/chronologiekritik.de\/es\/wp-json\/wp\/v2\/types\/page"}],"author":[{"embeddable":true,"href":"https:\/\/chronologiekritik.de\/es\/wp-json\/wp\/v2\/users\/22"}],"replies":[{"embeddable":true,"href":"https:\/\/chronologiekritik.de\/es\/wp-json\/wp\/v2\/comments?post=3332"}],"version-history":[{"count":4,"href":"https:\/\/chronologiekritik.de\/es\/wp-json\/wp\/v2\/pages\/3332\/revisions"}],"predecessor-version":[{"id":3342,"href":"https:\/\/chronologiekritik.de\/es\/wp-json\/wp\/v2\/pages\/3332\/revisions\/3342"}],"up":[{"embeddable":true,"href":"https:\/\/chronologiekritik.de\/es\/wp-json\/wp\/v2\/pages\/3168"}],"wp:attachment":[{"href":"https:\/\/chronologiekritik.de\/es\/wp-json\/wp\/v2\/media?parent=3332"}],"curies":[{"name":"wp","href":"https:\/\/api.w.org\/{rel}","templated":true}]}}