{"id":3346,"date":"2023-07-11T16:01:18","date_gmt":"2023-07-11T14:01:18","guid":{"rendered":"https:\/\/chronologiekritik.de\/es\/?page_id=3346"},"modified":"2024-03-29T16:51:14","modified_gmt":"2024-03-29T15:51:14","slug":"uwe-topper","status":"publish","type":"page","link":"https:\/\/chronologiekritik.de\/es\/colaboradores\/uwe-topper\/","title":{"rendered":"Uwe Topper"},"content":{"rendered":"<div class=\"post-content\">\n<div class=\"wp-block-group alignfull has-background-background-color has-background is-layout-flow\">\n<div class=\"wp-block-group__inner-container\">\n<div class=\"wp-block-jetpack-layout-grid alignfull column1-desktop-grid__span-3 column1-desktop-grid__start-2 column1-desktop-grid__row-1 column2-desktop-grid__span-6 column2-desktop-grid__start-6 column2-desktop-grid__row-1 column1-tablet-grid__span-3 column1-tablet-grid__row-1 column2-tablet-grid__span-5 column2-tablet-grid__start-4 column2-tablet-grid__row-1 column1-mobile-grid__span-4 column1-mobile-grid__row-1 column2-mobile-grid__span-4 column2-mobile-grid__row-2\">\n<div class=\"wp-block-jetpack-layout-grid-column wp-block-jetpack-layout-grid__padding-none\">\n<figure class=\"wp-block-image size-large is-style-circle-mask is-style-rounded\"><img decoding=\"async\" class=\"wp-image-366\" src=\"https:\/\/chronologiekritik.de\/wp-content\/uploads\/1998\/11\/utopper.jpg?w=150\" alt=\"\" \/><\/figure>\n<\/div>\n<div class=\"wp-block-jetpack-layout-grid-column wp-block-jetpack-layout-grid__padding-none\">\n<p>Nace en:\u00a0<b>1940<\/b>\u00a0en\u00a0<b>Breslau<\/b><br \/>\nProfesi\u00f3n:\u00a0<b>Artista y escritor<\/b><br \/>\nVive en:\u00a0<b>Berl\u00edn\u00a0<\/b>[Alemania]<\/p>\n<p>Topper, nacido en Breslau (Alemania) en 1940, es artista y autor de una docena de libros sobre arte e historia en alem\u00e1n y castellano. Algunos han sido traducidos al ruso, b\u00falgaro y h\u00fangaro (y recientemente incluso al coreano).<\/p>\n<p><b class=\"comentario-art_dcha\"><a href=\"https:\/\/chronologiekritik.de\/es\/colaboradores\/\" rel=\"noopener\">Colaboraciones con cronologo<\/a><\/b><\/p>\n<p>Vive en Berl\u00edn (Alemania) como artista independiente y colabora con varias revistas dedicadas a tem\u00e1ticas hist\u00f3ricas. Tambi\u00e9n suele ofrecer charlas en alem\u00e1n, ingl\u00e9s y castellano en diversos c\u00edrculos interesados en la Historia. Uwe Topper no posee t\u00edtulos universitarios ni premios. No obstante, algunas de sus iniciativas han dado pie a debates cient\u00edficos y grupos de discusi\u00f3n de los que algunos siguen en activo hasta hoy.<\/p>\n<p>Para ver todos los art\u00edculos publicados por Uwe Topper en\u00a0<b>cronologo<\/b>, entra en la\u00a0<a href=\"https:\/\/chronologiekritik.de\/es\/category\/articulos\/\" target=\"_self\" rel=\"noopener\">Hemeroteca<\/a>\u00a0y escoge\u00a0<i>Topper\u00a0<\/i>en la columna de autores.<\/p>\n<p>Para ver contribuciones antropol\u00f3gicas de Uwe Topper mire\u00a0<a href=\"http:\/\/www.ilya.it\/antropologo\/index.html\">antropologo<\/a><\/p>\n<p>Para ver unas muestras de arte de Uwe Topper &#8211; uto &#8211; mire la pagina\u00a0<a href=\"http:\/\/ilya.it\/uto\/index.html\" target=\"_blank\" rel=\"noopener\">de uto<\/a><\/p>\n<p class=\"line-blanc\">Otras publicaciones de Uwe Topper:<\/p>\n<ul>\n<li><span class=\"turquesa-peq\"><b>1977:<\/b><\/span>\u00a0<span style=\"font-size: small;\"><i>Das Erbe der Giganten. Untergang und R\u00fcckkehr der Atlanter<\/i>\u00a0(Walter Ed. Olten y Freiburg)<\/span>\u00a0<a class=\"turquesa-peq\" href=\"https:\/\/chronologiekritik.de\/es\/2023\/07\/30\/la-herencia-de-los-gigantes\/\" rel=\"noopener\">Resumen aqui<\/a><\/li>\n<li><span class=\"turquesa-peq\"><b>1986:<\/b><\/span><b>\u00a0<i><span style=\"font-size: small;\">M\u00e4rchen der Berber\u00a0<\/span><\/i><\/b><span style=\"font-size: small;\">(Diederichs, Colonia)<\/span><\/li>\n<li><span class=\"turquesa-peq\"><b>1988:<\/b><\/span><b>\u00a0<i><span style=\"font-size: small;\">Wiedergeburt.\u00a0<\/span><\/i><\/b><i><span style=\"font-size: small;\">Das Wissen der V\u00f6lker\u00a0<\/span><\/i><span style=\"font-size: small;\">(Rowohlt. Reinbek \/ Hamburgo)<\/span><\/li>\n<li><span class=\"turquesa-peq\"><b>1988:<\/b><\/span><b>\u00a0<i><span style=\"font-size: small;\">Erdbefragung.<\/span>\u00a0<\/i><\/b><span style=\"font-size: small;\"><i>Anleitung zur Geomantik<\/i>\u00a0(Knaur. Munich)<\/span><\/li>\n<li><b class=\"turquesa-peq\">1988:<\/b>\u00a0<b><i><span style=\"font-size: small;\">Arte Rupestre en la Provincia de C\u00e1diz\u00a0<\/span><\/i><\/b><span style=\"font-size: small;\">(Diputaci\u00f3n de C\u00e1diz, Espa\u00f1a)<\/span> &#8211;\u00a0<span class=\"turquesa-peq\"><a href=\"http:\/\/www.ilya.it\/antropologo\/Arte%20rup%20Cadiz.html\">en castellano<\/a><\/span><\/li>\n<li><span class=\"turquesa-peq\"><b>1991:<\/b><\/span><b>\u00a0<i><span style=\"font-size: small;\">Sufis und Heilige im Maghreb.\u00a0<\/span><\/i><\/b><span style=\"font-size: small;\"><i>Marokkanische Mystik<\/i>\u00a0(Diederichs, Colonia)<\/span><\/li>\n<li><span class=\"turquesa-peq\"><b>1993:<\/b><\/span><b>\u00a0<i><span style=\"font-size: small;\">Das letzte Buch.<\/span><\/i>\u00a0<\/b><span style=\"font-size: small;\"><i>Die Bedeutung der Offenbarung des Johannes<\/i>\u00a0(Hugendubel, Munich)<\/span><\/li>\n<li><span class=\"turquesa-peq\"><b>1993:\u00a0<\/b><\/span><b><i><span style=\"font-size: small;\">Cuentos populares de los Bereberes<\/span>\u00a0<\/i><\/b>(<span style=\"font-size: small;\">Miraguano Ed., Madrid)<\/span>\u00a0&#8211;<a href=\"http:\/\/www.ilya.it\/antropologo\/cuentos%20cast.html\" target=\"_parent\" rel=\"noopener\">\u00a0<span class=\"turquesa-peq\">en castellano<\/span><\/a><\/li>\n<li><span class=\"turquesa-peq\">1998:<\/span>\u00a0<i><b><span style=\"font-size: small;\">Die &#8220;Gro\u00dfe Aktion&#8221;.\u00a0<\/span><\/b><\/i><span style=\"font-size: small;\"><i>Europas erfundene Geschichte<\/i>\u00a0(Grabert, Tubinga)\u00a0<\/span><a class=\"turquesa-peq\" href=\"https:\/\/chronologiekritik.de\/wp-content\/uploads\/2023\/07\/Die_Grosse_Aktion._Europas_erfundene_BookFi.org_.pdf\" target=\"_self\" rel=\"noopener\">el libro entero en aleman<\/a><\/li>\n<li><span class=\"turquesa-peq\">1999:<\/span>\u00a0<b><i><span style=\"font-size: small;\">Erfundene Geschichte.\u00a0<\/span><\/i><\/b><span style=\"font-size: small;\"><i>Unsere Zeitrechnung ist falsch<\/i>\u00a0(Herbig, M\u00fcnchen)<\/span><\/li>\n<li><span class=\"turquesa-peq\">2001:<\/span>\u00a0<i><b><span style=\"font-size: small;\">F\u00e4lschungen der Geschichte.<\/span>\u00a0<\/b><\/i><span style=\"font-size: small;\"><i>Von Persephone bis Newtons Zeitrechnung\u00a0<\/i>(Herbig, M\u00fcnchen)<\/span><\/li>\n<li><span class=\"turquesa-peq\">2003:<\/span>\u00a0<i><b><span style=\"font-size: small;\">horra.\u00a0<\/span><\/b><\/i><span style=\"font-size: small;\"><i>Die ersten Europ\u00e4er<\/i>\u00a0(Grabert, Tubinga)<\/span>\u00a0<span class=\"turquesa-peq\"><a class=\"turquesa-peq\" href=\"https:\/\/chronologiekritik.de\/en\/2003\/12\/31\/horra\/\" target=\"_parent\" rel=\"noopener\">intro en ingl\u00e9s<\/a><\/span><\/li>\n<li><span class=\"turquesa-peq\">2003:<\/span>\u00a0<b><i><span style=\"font-size: small;\">Das Geheimnis des Elsa\u00df.<\/span><\/i><\/b>\u00a0<span style=\"font-size: small;\"><i>Was geschah damals am Odilienberg?\u00a0<\/i>(con Gert Meier y Hermann Zschweigert; Tubinga)<\/span><\/li>\n<li><span class=\"turquesa-peq\">2003:<\/span>\u00a0<i><b><span style=\"font-size: small;\">ZeitF\u00e4lschung.<\/span>\u00a0<\/b><\/i><span style=\"font-size: small;\"><i>Es begann mit der Renaissance<\/i>\u00a0(Herbig, Munich)<\/span><\/li>\n<li><span class=\"turquesa-peq\">2006:<\/span>\u00a0<i><b><span style=\"font-size: small;\">KalenderSprung.<\/span>\u00a0<\/b><\/i><span style=\"font-size: small;\"><i>Europas Religionswechsel um 1500.<\/i>\u00a0(Grabert, Tubinga)<\/span><\/li>\n<li><span class=\"turquesa-peq\">2016:<\/span>\u00a0<i><b><span style=\"font-size: small;\">Das Jahrkreuz. Spr\u00fcnge im Verlauf der Zeit\u00a0<\/span><\/b><\/i><span style=\"font-size: small;\">(Grabert, Tubinga)<\/span>\u00a0&#8211;\u00a0<a class=\"turquesa-peq\" href=\"https:\/\/chronologiekritik.de\/es\/2016\/06\/12\/ano-solar\/\" rel=\"noopener\">introducci\u00f3n en castellano aqui<\/a><\/li>\n<\/ul>\n<blockquote>\n<p align=\"left\">Varios libros de Uwe Topper han sido traducidos al ruso, bulgaro, hungaro y coreano<\/p>\n<\/blockquote>\n<\/div>\n<\/div>\n<\/div>\n<\/div>\n<\/div>\n","protected":false},"excerpt":{"rendered":"<p>Nace en:\u00a01940\u00a0en\u00a0Breslau Profesi\u00f3n:\u00a0Artista y escritor Vive en:\u00a0Berl\u00edn\u00a0[Alemania] Topper, nacido en Breslau (Alemania) en 1940, es artista y autor de una docena de libros sobre arte e historia en alem\u00e1n y castellano. Algunos han sido traducidos al ruso, b\u00falgaro y h\u00fangaro (y recientemente incluso al coreano). Colaboraciones con cronologo Vive en Berl\u00edn (Alemania) como artista independiente y colabora con varias revistas dedicadas a tem\u00e1ticas hist\u00f3ricas. Tambi\u00e9n suele ofrecer charlas en alem\u00e1n, ingl\u00e9s y castellano en diversos c\u00edrculos interesados en la Historia. Uwe Topper no posee t\u00edtulos universitarios ni premios. No obstante, algunas de sus iniciativas han dado pie a debates cient\u00edficos y grupos de discusi\u00f3n de los que algunos siguen en activo hasta hoy. Para ver todos los art\u00edculos publicados por Uwe Topper en\u00a0cronologo, entra en la\u00a0Hemeroteca\u00a0y escoge\u00a0Topper\u00a0en la columna de autores. Para ver contribuciones antropol\u00f3gicas de Uwe Topper mire\u00a0antropologo Para ver unas muestras de arte de Uwe Topper &#8211; uto &#8211; mire la pagina\u00a0de uto Otras publicaciones de Uwe Topper: 1977:\u00a0Das Erbe der Giganten. Untergang und R\u00fcckkehr der Atlanter\u00a0(Walter Ed. Olten y Freiburg)\u00a0Resumen aqui 1986:\u00a0M\u00e4rchen der Berber\u00a0(Diederichs, Colonia) 1988:\u00a0Wiedergeburt.\u00a0Das Wissen der V\u00f6lker\u00a0(Rowohlt. Reinbek \/ Hamburgo) 1988:\u00a0Erdbefragung.\u00a0Anleitung zur Geomantik\u00a0(Knaur. Munich) 1988:\u00a0Arte Rupestre en la Provincia de C\u00e1diz\u00a0(Diputaci\u00f3n de C\u00e1diz, Espa\u00f1a) &#8211;\u00a0en castellano 1991:\u00a0Sufis und Heilige im Maghreb.\u00a0Marokkanische Mystik\u00a0(Diederichs, Colonia) 1993:\u00a0Das letzte Buch.\u00a0Die Bedeutung der Offenbarung des Johannes\u00a0(Hugendubel, Munich) 1993:\u00a0Cuentos populares de los Bereberes\u00a0(Miraguano Ed., Madrid)\u00a0&#8211;\u00a0en castellano 1998:\u00a0Die &#8220;Gro\u00dfe Aktion&#8221;.\u00a0Europas erfundene Geschichte\u00a0(Grabert, Tubinga)\u00a0el libro entero en aleman 1999:\u00a0Erfundene Geschichte.\u00a0Unsere Zeitrechnung ist falsch\u00a0(Herbig, M\u00fcnchen) 2001:\u00a0F\u00e4lschungen der Geschichte.\u00a0Von Persephone bis Newtons Zeitrechnung\u00a0(Herbig, M\u00fcnchen) 2003:\u00a0horra.\u00a0Die ersten Europ\u00e4er\u00a0(Grabert, Tubinga)\u00a0intro en ingl\u00e9s 2003:\u00a0Das Geheimnis des Elsa\u00df.\u00a0Was geschah damals am Odilienberg?\u00a0(con Gert Meier y Hermann Zschweigert; Tubinga) 2003:\u00a0ZeitF\u00e4lschung.\u00a0Es begann mit der Renaissance\u00a0(Herbig, Munich) 2006:\u00a0KalenderSprung.\u00a0Europas Religionswechsel um 1500.\u00a0(Grabert, Tubinga) 2016:\u00a0Das Jahrkreuz. Spr\u00fcnge im Verlauf der Zeit\u00a0(Grabert, Tubinga)\u00a0&#8211;\u00a0introducci\u00f3n en castellano aqui Varios libros de Uwe Topper han sido traducidos al ruso, bulgaro, hungaro y coreano<\/p>\n","protected":false},"author":4,"featured_media":0,"parent":3168,"menu_order":0,"comment_status":"closed","ping_status":"closed","template":"","meta":{"footnotes":""},"class_list":["post-3346","page","type-page","status-publish","hentry"],"jetpack_sharing_enabled":true,"_links":{"self":[{"href":"https:\/\/chronologiekritik.de\/es\/wp-json\/wp\/v2\/pages\/3346","targetHints":{"allow":["GET"]}}],"collection":[{"href":"https:\/\/chronologiekritik.de\/es\/wp-json\/wp\/v2\/pages"}],"about":[{"href":"https:\/\/chronologiekritik.de\/es\/wp-json\/wp\/v2\/types\/page"}],"author":[{"embeddable":true,"href":"https:\/\/chronologiekritik.de\/es\/wp-json\/wp\/v2\/users\/4"}],"replies":[{"embeddable":true,"href":"https:\/\/chronologiekritik.de\/es\/wp-json\/wp\/v2\/comments?post=3346"}],"version-history":[{"count":3,"href":"https:\/\/chronologiekritik.de\/es\/wp-json\/wp\/v2\/pages\/3346\/revisions"}],"predecessor-version":[{"id":3589,"href":"https:\/\/chronologiekritik.de\/es\/wp-json\/wp\/v2\/pages\/3346\/revisions\/3589"}],"up":[{"embeddable":true,"href":"https:\/\/chronologiekritik.de\/es\/wp-json\/wp\/v2\/pages\/3168"}],"wp:attachment":[{"href":"https:\/\/chronologiekritik.de\/es\/wp-json\/wp\/v2\/media?parent=3346"}],"curies":[{"name":"wp","href":"https:\/\/api.w.org\/{rel}","templated":true}]}}